{"id":2,"date":"2013-12-02T15:12:02","date_gmt":"2013-12-02T14:12:02","guid":{"rendered":"http:\/\/terroir-de-barie.fr\/wordpress\/?page_id=2"},"modified":"2019-12-28T16:34:51","modified_gmt":"2019-12-28T15:34:51","slug":"page-d-exemple","status":"publish","type":"page","link":"https:\/\/terroir-de-barie.fr\/wordpress\/page-d-exemple\/","title":{"rendered":"Agro-\u00e9cologie"},"content":{"rendered":"<h2 style=\"text-align: center;\"><span style=\"color: #99cc00;\"><strong>Bonjour l&rsquo;Agro-\u00e9cologie ! <\/strong><\/span><\/h2>\n<h4>&nbsp;<\/h4>\n<h4>[ Et si l&rsquo;on \u00e9tait pass\u00e9 de la trop fameuse agriculture \u00ab\u00a0raisonn\u00e9e\u00a0\u00bb \u00e0 l&rsquo;agriculture durable, une progression enregistr\u00e9e dans les textes officiels mais dont l&rsquo;interpr\u00e9tation reste \u00e9quivoque. Par exemple, en ce qui concerne la aussi fameuse double performance \u00e9conomique et environnementale, pour ne pas dire \u00e9cologique, on oublie qu&rsquo;il ne peut y avoir d&rsquo;agriculture durable sans beaucoup de paysans dans les territoires ruraux et qu&rsquo;avant la performance, on devrait parler d&rsquo;abord de l&rsquo;efficience \u00e9conomique gr\u00e2ce \u00e0 la meilleure utilisation de l&rsquo;ensemble des facteurs qui concourent \u00e0 la production et aux services rendus, pas seulement \u00e9cologiques de type MAE, tout en offrant le meilleur revenu possible aux paysans !<\/h4>\n<h4>Pour reprendre quelques crit\u00e8res du socle commun de la durabilit\u00e9\/ INPACT\/2003, le maintien ou l&rsquo;enrichissement de la biodiversit\u00e9 animale et v\u00e9g\u00e9tales constitue, non seulement une richesse, un patrimoine collectif, mais, aussi un facteur primordial dans la mise oeuvre de syst\u00e8mes de production adapt\u00e9 aux r\u00e9alit\u00e9s p\u00e9doclimatiques et aux \u00e9volutions du contexte \u00e9conomique et climatique ! ]<\/h4>\n<p><a href=\"https:\/\/terroir-de-barie.fr\/wordpress\/wp-content\/uploads\/2019\/08\/tablons_sur_nos_paysans.png\"><img loading=\"lazy\" decoding=\"async\" class=\"aligncenter size-full wp-image-1060\" src=\"https:\/\/terroir-de-barie.fr\/wordpress\/wp-content\/uploads\/2019\/08\/tablons_sur_nos_paysans.png\" alt=\"\" width=\"460\" height=\"280\" srcset=\"https:\/\/terroir-de-barie.fr\/wordpress\/wp-content\/uploads\/2019\/08\/tablons_sur_nos_paysans.png 460w, https:\/\/terroir-de-barie.fr\/wordpress\/wp-content\/uploads\/2019\/08\/tablons_sur_nos_paysans-150x91.png 150w, https:\/\/terroir-de-barie.fr\/wordpress\/wp-content\/uploads\/2019\/08\/tablons_sur_nos_paysans-300x183.png 300w\" sizes=\"auto, (max-width: 460px) 100vw, 460px\" \/><\/a><\/p>\n<p><span style=\"font-size: medium;\"><b>La transition agro-\u00e9cologique m\u00e9rite une ambition partag\u00e9e des organisations paysannes, des praticiens, des \u00c9tats et collectivit\u00e9s, de la recherche, de la coop\u00e9ration, pour tout simplement revenir, avec un minimum de bon sens, aux fondamentaux de l\u2019agriculture, retrouver cette diversit\u00e9 de production et de milieux, construire sur les territoires des syst\u00e8mes agricoles et d\u2019\u00e9changes plus autonomes et moins risqu\u00e9s pour toute la soci\u00e9t\u00e9.<\/b><\/span><\/p>\n<h4><span style=\"font-size: medium;\"><b>C\u2019est cette agro-\u00e9cologie paysanne qui permettra finalement de revaloriser le m\u00e9tier, les savoirs et les savoir-faire du paysan, et de r\u00e9cr\u00e9er du lien social, du respect et de la confiance entre la soci\u00e9t\u00e9 et une agriculture nourrici\u00e8re qui ne violente plus la nature.<\/b><\/span> <span style=\"font-size: medium;\"><b>En reprenant quelques id\u00e9es du r\u00e9seau INPACT, il s&rsquo;agit surtout de montrer que ce sont d&rsquo;abord les r\u00e9seaux d&rsquo;agriculteurs qui feront l&rsquo;agro-\u00e9cologie, et tout simplement parce que la meilleure \u00ab\u00a0m\u00e9thode\u00a0\u00bb de connaissance, de diffusion des savoirs paysans et donc de leurs besoins aussi, c&rsquo;est la <a href=\"https:\/\/terroir-de-barie.fr\/wordpress\/wp-content\/uploads\/2015\/08\/Revolution-agroecologique.pdf\" target=\"_blank\" rel=\"noopener noreferrer\">\u00ab\u00a0m\u00e9thode de paysan \u00e0 paysan\u00a0\u00bb<\/a>, celle du bout du champ, des visites-\u00e9changes r\u00e9ciproques, telles que nous essayons de le faire. <\/b><\/span><\/h4>\n<h4><span style=\"font-size: medium;\"><b>Alors allons-y plus avant, en r\u00e9seau, tel que celui qui est en train d&rsquo;\u00eatre mis en place avec<a href=\"https:\/\/www.inpactpc.org\/\" target=\"_blank\" rel=\"noopener noreferrer\"> INPACT en Nouvelle-Aquitaine<\/a> et ouvrons tous les champs du possible, y compris en utilisant nos outils tels que le diagnostique ou manuel de l&rsquo;agriculture paysanne ou un syst\u00e8me de garantie participatif &#8211; SGP &#8211; tel que celui de Nature&amp;Progr\u00e8s et avec les consommateurs et les citoyens. Inventons une agro-\u00e9cologie paysanne afin que l&rsquo;agro-\u00e9cologie en g\u00e9n\u00e9ral ne soit pas qu&rsquo;une vitrine d&rsquo;un certain verdissement de l&rsquo;agro-industrie ! L&rsquo;agro-\u00e9cologie sans les paysans, c&rsquo;est comme l&rsquo;agriculture biologique sans la biodiversit\u00e9 ! <\/b><\/span><\/h4>\n<h4>&nbsp;NOTA. &nbsp;UNITERRE, syndicat paysan suisse propose une brochure sur la souverainet\u00e9 alimentaire et donc l&rsquo;agro-\u00e9cologie comme m\u00e9thode pour y arriver ! <b><a href=\"http:\/\/www.uniterre.ch\/index.php\/fr\/dossiers\/souverainete-alimentaire\/souvalim-national\/671-brochure-souverainete-alimentaire\" target=\"_blank\" rel=\"noopener noreferrer\">voir document ci-joint !<\/a><\/b> Il pr\u00e9cise entre autre quelques \u00ab\u00a0outils\u00a0\u00bb afin d&rsquo;am\u00e9liorer encore plus ce qui se fait en agriculture biologique : \u00ab\u00a0l\u2019augmentation des rotations, la polyculture, le non-labour et l\u2019utilisation de l\u00e9gumineuses et de l&rsquo;agro-foresterie en sont les facteurs les plus importants\u00a0\u00bb.<\/h4>\n<h4>[<a href=\"https:\/\/www.coordinationsud.org\/documentation-publications\/nos-publications\/les-notes-de-la-c2a\/\" target=\"_blank\" rel=\"noopener noreferrer\">note du C2A de Coordination SUD<\/a>] L\u2019agro-\u00e9cologie n\u2019est pas une approche dogmatique ou r\u00e9ductrice. Elle ne se limite pas \u00e0 l\u2019agriculture biologique, m\u00eame si celle-ci est bel et bien un objectif souhaitable \u00e0 moyen terme. Il s\u2019agit de favoriser une transition agro-\u00e9cologique, qui prenne en compte toutes les marges de progr\u00e8s possibles pour remplacer peu \u00e0 peu des techniques conventionnelle par des pratiques agro-\u00e9cologiques. L\u2019agro-\u00e9cologie, ce n\u2019est pas non plus \u00ab retourner \u00e0 l\u2019autarcie \u00bb. Un autre crit\u00e8re de l&rsquo;agriculture durable ou de l&rsquo;agro-\u00e9cologie, c&rsquo;est respecter l&rsquo;\u00eatre humain, les communaut\u00e9s rurales et paysannes de tous les pays, c&rsquo;est respecter le vivant, la qualit\u00e9 de l&rsquo;alimentation et donc de la sant\u00e9 ! C&rsquo;est aussi le choix politique d\u2019un d\u00e9veloppement agricole reposant sur une organisation associative et en r\u00e9seau, [soit une approche syst\u00e9mique en croisant \u00ab approches fili\u00e8res \u00bb et \u00ab approches territoires \u00bb.]<\/h4>\n<h4 style=\"text-align: center;\"><span style=\"color: #3366ff;\"><strong>Agro-\u00e9cologie<\/strong><\/span><span style=\"color: #3366ff;\"><strong> \u00a0\u00bb locale\u00a0\u00bb &#8230; une d\u00e9marche et quelques r\u00e9f\u00e9rences en <\/strong><\/span><span style=\"color: #ff6600;\"><strong><a style=\"color: #ff6600;\" href=\"http:\/\/www.terroir-de-barie.fr\/comments.xhtml\" target=\"_blank\" rel=\"noopener noreferrer\">cliquant ici !<\/a><\/strong> <\/span><\/h4>\n<h4 style=\"text-align: center;\"><strong><span style=\"color: #3366ff;\">et pour une approche plus globale,<\/span> <a style=\"color: #ff6600;\" href=\"https:\/\/terroir-de-barie.fr\/wordpress\/?p=507\">cliquez l\u00e0 !<\/a><\/strong><a href=\"https:\/\/terroir-de-barie.fr\/wordpress\/wp-content\/uploads\/2015\/07\/agro\u00e9cologie-part1.jpg\"><img loading=\"lazy\" decoding=\"async\" class=\"aligncenter size-full wp-image-501\" src=\"https:\/\/terroir-de-barie.fr\/wordpress\/wp-content\/uploads\/2015\/07\/agro\u00e9cologie-part1.jpg\" alt=\"agro\u00e9cologie-part1\" width=\"628\" height=\"938\" srcset=\"https:\/\/terroir-de-barie.fr\/wordpress\/wp-content\/uploads\/2015\/07\/agro\u00e9cologie-part1.jpg 628w, https:\/\/terroir-de-barie.fr\/wordpress\/wp-content\/uploads\/2015\/07\/agro\u00e9cologie-part1-100x150.jpg 100w, https:\/\/terroir-de-barie.fr\/wordpress\/wp-content\/uploads\/2015\/07\/agro\u00e9cologie-part1-201x300.jpg 201w\" sizes=\"auto, (max-width: 628px) 100vw, 628px\" \/><\/a><a href=\"https:\/\/terroir-de-barie.fr\/wordpress\/wp-content\/uploads\/2015\/07\/agro\u00e9cologie-part2.jpg\"><img loading=\"lazy\" decoding=\"async\" class=\" size-full wp-image-502 alignright\" src=\"https:\/\/terroir-de-barie.fr\/wordpress\/wp-content\/uploads\/2015\/07\/agro\u00e9cologie-part2.jpg\" alt=\"agro\u00e9cologie-part2\" width=\"626\" height=\"929\" srcset=\"https:\/\/terroir-de-barie.fr\/wordpress\/wp-content\/uploads\/2015\/07\/agro\u00e9cologie-part2.jpg 626w, https:\/\/terroir-de-barie.fr\/wordpress\/wp-content\/uploads\/2015\/07\/agro\u00e9cologie-part2-101x150.jpg 101w, https:\/\/terroir-de-barie.fr\/wordpress\/wp-content\/uploads\/2015\/07\/agro\u00e9cologie-part2-202x300.jpg 202w\" sizes=\"auto, (max-width: 626px) 100vw, 626px\" \/><\/a><\/h4>\n<h3>Related Images:<\/h3>","protected":false},"excerpt":{"rendered":"<p>Bonjour l&rsquo;Agro-\u00e9cologie ! &nbsp; [ Et si l&rsquo;on \u00e9tait pass\u00e9 de la trop fameuse agriculture \u00ab\u00a0raisonn\u00e9e\u00a0\u00bb \u00e0 l&rsquo;agriculture durable, une progression enregistr\u00e9e dans les textes officiels mais dont l&rsquo;interpr\u00e9tation reste \u00e9quivoque. Par exemple, en ce qui concerne la aussi fameuse double performance \u00e9conomique et environnementale, pour ne pas dire \u00e9cologique, on oublie qu&rsquo;il ne peut &hellip;<\/p>\n","protected":false},"author":1,"featured_media":135,"parent":0,"menu_order":0,"comment_status":"open","ping_status":"closed","template":"","meta":{"ngg_post_thumbnail":0,"footnotes":""},"class_list":["post-2","page","type-page","status-publish","has-post-thumbnail","hentry","post-bright","has-post-thumb"],"_links":{"self":[{"href":"https:\/\/terroir-de-barie.fr\/wordpress\/wp-json\/wp\/v2\/pages\/2","targetHints":{"allow":["GET"]}}],"collection":[{"href":"https:\/\/terroir-de-barie.fr\/wordpress\/wp-json\/wp\/v2\/pages"}],"about":[{"href":"https:\/\/terroir-de-barie.fr\/wordpress\/wp-json\/wp\/v2\/types\/page"}],"author":[{"embeddable":true,"href":"https:\/\/terroir-de-barie.fr\/wordpress\/wp-json\/wp\/v2\/users\/1"}],"replies":[{"embeddable":true,"href":"https:\/\/terroir-de-barie.fr\/wordpress\/wp-json\/wp\/v2\/comments?post=2"}],"version-history":[{"count":0,"href":"https:\/\/terroir-de-barie.fr\/wordpress\/wp-json\/wp\/v2\/pages\/2\/revisions"}],"wp:featuredmedia":[{"embeddable":true,"href":"https:\/\/terroir-de-barie.fr\/wordpress\/wp-json\/wp\/v2\/media\/135"}],"wp:attachment":[{"href":"https:\/\/terroir-de-barie.fr\/wordpress\/wp-json\/wp\/v2\/media?parent=2"}],"curies":[{"name":"wp","href":"https:\/\/api.w.org\/{rel}","templated":true}]}}